{"id":1018,"date":"2016-04-05T13:35:04","date_gmt":"2016-04-05T12:35:04","guid":{"rendered":"http:\/\/unionpourlavienne.fr\/Union_Vienne_2016\/wordpress\/?page_id=1018"},"modified":"2016-04-05T13:36:46","modified_gmt":"2016-04-05T12:36:46","slug":"la-tribune-de-fevrier-2016","status":"publish","type":"page","link":"https:\/\/unionpourlavienne.fr\/Union_Vienne_2016\/wordpress\/les-elus\/la-tribune\/la-tribune-de-fevrier-2016\/","title":{"rendered":"F\u00e9vrier 2016"},"content":{"rendered":"<h1>Des Orientations Budg\u00e9taires in\u00e9dites !<a href=\"http:\/\/www.lavienne86.fr\/publication\/72\/26-la-vienne-le-magazine.htm?TELECHARGER=1\" target=\"_blank\"><img loading=\"lazy\" src=\"http:\/\/unionpourlavienne.fr\/imgs\/vivrevienne\/2016-fevrier.jpg\" alt=\"\" width=\"150\" height=\"210\" align=\"right\" border=\"0\" hspace=\"10\" vspace=\"10\" \/><\/a><\/h1>\n<p>Comment concevoir un travail constructif quand un des interlocuteurs est absent ?<\/p>\n<p>C\u2019est exactement la question que se sont pos\u00e9e les \u00e9lus de la Majorit\u00e9 D\u00e9partementale quand ceux de gauche se sont retir\u00e9s de l\u2019h\u00e9micycle d\u00e8s l\u2019ouverture du D\u00e9bat d\u2019Orientations Budg\u00e9taires 2016.<\/p>\n<p>En effet, le projet pr\u00e9sent\u00e9 par l\u2019Ex\u00e9cutif, \u00e0 travers 13 grandes priorit\u00e9s pour construire la Vienne de 2025, m\u00e9ritait pourtant que chacun apporte son expertise pour lui donner toute sa dimension. De cela, il n\u2019en fut rien, l\u2019opposition de gauche n\u2019a pas souhait\u00e9 d\u00e9battre. Dont acte !<\/p>\n<p>Et pourtant, il eut \u00e9t\u00e9 int\u00e9ressant d&rsquo;entendre ses membres sur l\u2019ass\u00e8chement des finances des collectivit\u00e9s territoriales par l\u2019Etat, avec les quelque 25 millions d\u2019euros de baisse de dotations pour le seul D\u00e9partement de la Vienne. Comme nous aurions aim\u00e9 avoir leur point de vue sur la non compensation des d\u00e9penses de solidarit\u00e9s transf\u00e9r\u00e9es aux D\u00e9partements, avec une charge nette pour la Vienne de 408,5 millions d\u2019euros sur la p\u00e9riode 2002- 2015.<\/p>\n<p>Nous aurions aim\u00e9 \u00e9galement les entendre sur l\u2019opportunit\u00e9 de la mise en place d\u2019un plan pluriannuel d\u2019investissement pr\u00e8s de 350 millions d\u2019euros sur la dur\u00e9e de la mandature avec l\u2019activit\u00e9 \u00e9conomique qui en d\u00e9coule pour les entreprises de la Vienne, comme les emplois maintenus ou cr\u00e9\u00e9s que cela repr\u00e9sente. Mais de cela rien du tout. Juste l\u2019\u00e9vocation d\u2019un alourdissement de la fiscalit\u00e9 pour effrayer les habitants de la Vienne. Et l\u00e0 aussi, nous aurions appr\u00e9ci\u00e9 pouvoir en d\u00e9battre. Rappeler que faire passer la part d\u00e9partementale de la taxe fonci\u00e8re sur le b\u00e2ti de 14,87 \u00e0 17,62 %, c\u2019est uniquement si l\u2019Etat ne revient pas sur sa d\u00e9cision et ne modifie pas sa position sur les dotations et le financement du RSA.<\/p>\n<p>La transparence de l\u2019action de la Majorit\u00e9 D\u00e9partementale est totale. Elle m\u00e9rite en retour une aptitude \u00e0 d\u00e9battre. Ce n\u2019est visiblement pas possible avec l\u2019opposition des \u00e9lus de gauche. C\u2019est navrant\u2026 mais peut-\u00eatre le simple constat d\u2019impuissance de leur part face \u00e0 un projet fort et concret pour la Vienne.<\/p>\n<p>&nbsp;<\/p>\n<p>&nbsp;<\/p>\n","protected":false},"excerpt":{"rendered":"<p>Des Orientations Budg\u00e9taires in\u00e9dites ! Comment concevoir un travail constructif quand un des interlocuteurs est absent ? C\u2019est exactement la<\/p>\n","protected":false},"author":1,"featured_media":0,"parent":22,"menu_order":0,"comment_status":"closed","ping_status":"closed","template":"","meta":[],"_links":{"self":[{"href":"https:\/\/unionpourlavienne.fr\/Union_Vienne_2016\/wordpress\/wp-json\/wp\/v2\/pages\/1018"}],"collection":[{"href":"https:\/\/unionpourlavienne.fr\/Union_Vienne_2016\/wordpress\/wp-json\/wp\/v2\/pages"}],"about":[{"href":"https:\/\/unionpourlavienne.fr\/Union_Vienne_2016\/wordpress\/wp-json\/wp\/v2\/types\/page"}],"author":[{"embeddable":true,"href":"https:\/\/unionpourlavienne.fr\/Union_Vienne_2016\/wordpress\/wp-json\/wp\/v2\/users\/1"}],"replies":[{"embeddable":true,"href":"https:\/\/unionpourlavienne.fr\/Union_Vienne_2016\/wordpress\/wp-json\/wp\/v2\/comments?post=1018"}],"version-history":[{"count":3,"href":"https:\/\/unionpourlavienne.fr\/Union_Vienne_2016\/wordpress\/wp-json\/wp\/v2\/pages\/1018\/revisions"}],"predecessor-version":[{"id":1021,"href":"https:\/\/unionpourlavienne.fr\/Union_Vienne_2016\/wordpress\/wp-json\/wp\/v2\/pages\/1018\/revisions\/1021"}],"up":[{"embeddable":true,"href":"https:\/\/unionpourlavienne.fr\/Union_Vienne_2016\/wordpress\/wp-json\/wp\/v2\/pages\/22"}],"wp:attachment":[{"href":"https:\/\/unionpourlavienne.fr\/Union_Vienne_2016\/wordpress\/wp-json\/wp\/v2\/media?parent=1018"}],"curies":[{"name":"wp","href":"https:\/\/api.w.org\/{rel}","templated":true}]}}