{"id":1813,"date":"2017-01-30T12:23:36","date_gmt":"2017-01-30T11:23:36","guid":{"rendered":"http:\/\/unionpourlavienne.fr\/Union_Vienne_2016\/wordpress\/?page_id=1813"},"modified":"2017-01-30T12:23:36","modified_gmt":"2017-01-30T11:23:36","slug":"decembre-2016","status":"publish","type":"page","link":"https:\/\/unionpourlavienne.fr\/Union_Vienne_2016\/wordpress\/les-elus\/la-tribune\/decembre-2016\/","title":{"rendered":"D\u00e9cembre 2016"},"content":{"rendered":"<pre style=\"text-align: right;\"><a href=\"http:\/\/www.lavienne86.fr\/publication\/83\/26-la-vienne-le-magazine.htm?TELECHARGER=1\" target=\"_blank\"><img loading=\"lazy\" class=\"alignright wp-image-1737 size-full\" src=\"https:\/\/unionpourlavienne.fr\/Union_Vienne_2016\/wordpress\/wp-content\/uploads\/2016\/11\/dec2016.jpg\" alt=\"\" width=\"250\" height=\"350\" srcset=\"https:\/\/unionpourlavienne.fr\/Union_Vienne_2016\/wordpress\/wp-content\/uploads\/2016\/11\/dec2016.jpg 250w, https:\/\/unionpourlavienne.fr\/Union_Vienne_2016\/wordpress\/wp-content\/uploads\/2016\/11\/dec2016-214x300.jpg 214w\" sizes=\"(max-width: 250px) 100vw, 250px\" \/><\/a><\/pre>\n<h1>Comme promis !<\/h1>\n<p>Maintenir notre niveau d\u2019investissement \u00e0 20 % du budget, assumer pleinement notre sociale-responsabilit\u00e9 malgr\u00e9 le foss\u00e9 entre les recettes et les d\u00e9penses de solidarit\u00e9 (50,20 M\u20ac de recettes contre 226,06 M\u20ac de d\u00e9penses), poursuivre la mise en place de nos 13 priorit\u00e9s pour construire la Vienne de 2025, respecter notre Programme Pluriannuel d\u2019Investissement de 350 M\u20ac, et comme convenu, proposer un budget 2017 sans augmenter la fiscalit\u00e9.<\/p>\n<p>Voil\u00e0 le cahier des charges que la Majorit\u00e9 D\u00e9partementale s\u2019est fix\u00e9e pour d\u00e9fi nir les Orientations Budg\u00e9taires pour l\u2019ann\u00e9e 2017 tout en supportant de la part de l\u2019Etat, pour la 4\u00e8me ann\u00e9e cons\u00e9cutive, le transfert sur les Collectivit\u00e9s Locales de la r\u00e9duction de son d\u00e9ficit abyssal. En 2017, cela repr\u00e9sente pour la Vienne une r\u00e9duction de la Dotation Globale de Fonctionnement de 5,84 M\u20ac. Soit l\u2019\u00e9quivalent de 10 points de fiscalit\u00e9 que nous avions heureusement anticip\u00e9s en 2016 et qu\u2019il a fallu compl\u00e9ter par de nouvelles \u00e9conomies.<br \/>\nCette ann\u00e9e encore, nos Orientations Budg\u00e9taires donnent une place forte \u00e0 la r\u00e9alisation des projets des territoires. Avec ACTIV\u2019, nous allons pouvoir afficher un soutien aux collectivit\u00e9s de 50 M\u20ac depuis son lancement en 2016. Un soutien essentiel pour les territoires comme pour les entreprises de la Vienne, puisqu\u2019elles sont intervenues pour 88 % sur les op\u00e9rations r\u00e9alis\u00e9es. L\u2019objectif est donc bien atteint : aider les projets, faire travailler nos entreprises, cr\u00e9er et maintenir des emplois. C\u2019est le fondement de l\u2019action de notre \u00e9quipe pour toute la dur\u00e9e de la mandature. Nous n\u2019y d\u00e9rogerons pas !<\/p>\n<p>2017 sera \u00e9galement une ann\u00e9e capitale pour la mont\u00e9e en d\u00e9bit dans le d\u00e9partement. 16 Communes vont \u00eatre couvertes avant mars 2017, 30 autres d\u2019ici la fi n de l\u2019ann\u00e9e et 66 engag\u00e9es en 2017\/2018 pour une activation en 2018\/2019. Le d\u00e9fi du num\u00e9rique sera gagn\u00e9 en 2020 o\u00f9 plus de 95 % de la Vienne sera connect\u00e9 en haut ou tr\u00e8s haut d\u00e9bit. C\u2019\u00e9tait une priorit\u00e9 majeure pour les Communes, en particulier rurales, un des 6 axes du Livre Blanc des Etats G\u00e9n\u00e9raux de la Ruralit\u00e9, une des 13 priorit\u00e9s de la Majorit\u00e9 D\u00e9partementale. Nous savons aujourd\u2019hui que nous la r\u00e9ussirons avant m\u00eame la fin de notre mandat.<br \/>\nCe sera ainsi pour les autres engagements que nous avons affich\u00e9s&#8230;<br \/>\nNous l&rsquo;avons promis !<\/p>\n","protected":false},"excerpt":{"rendered":"<p>Comme promis ! Maintenir notre niveau d\u2019investissement \u00e0 20 % du budget, assumer pleinement notre sociale-responsabilit\u00e9 malgr\u00e9 le foss\u00e9 entre<\/p>\n","protected":false},"author":1,"featured_media":0,"parent":22,"menu_order":0,"comment_status":"closed","ping_status":"closed","template":"","meta":[],"_links":{"self":[{"href":"https:\/\/unionpourlavienne.fr\/Union_Vienne_2016\/wordpress\/wp-json\/wp\/v2\/pages\/1813"}],"collection":[{"href":"https:\/\/unionpourlavienne.fr\/Union_Vienne_2016\/wordpress\/wp-json\/wp\/v2\/pages"}],"about":[{"href":"https:\/\/unionpourlavienne.fr\/Union_Vienne_2016\/wordpress\/wp-json\/wp\/v2\/types\/page"}],"author":[{"embeddable":true,"href":"https:\/\/unionpourlavienne.fr\/Union_Vienne_2016\/wordpress\/wp-json\/wp\/v2\/users\/1"}],"replies":[{"embeddable":true,"href":"https:\/\/unionpourlavienne.fr\/Union_Vienne_2016\/wordpress\/wp-json\/wp\/v2\/comments?post=1813"}],"version-history":[{"count":1,"href":"https:\/\/unionpourlavienne.fr\/Union_Vienne_2016\/wordpress\/wp-json\/wp\/v2\/pages\/1813\/revisions"}],"predecessor-version":[{"id":1814,"href":"https:\/\/unionpourlavienne.fr\/Union_Vienne_2016\/wordpress\/wp-json\/wp\/v2\/pages\/1813\/revisions\/1814"}],"up":[{"embeddable":true,"href":"https:\/\/unionpourlavienne.fr\/Union_Vienne_2016\/wordpress\/wp-json\/wp\/v2\/pages\/22"}],"wp:attachment":[{"href":"https:\/\/unionpourlavienne.fr\/Union_Vienne_2016\/wordpress\/wp-json\/wp\/v2\/media?parent=1813"}],"curies":[{"name":"wp","href":"https:\/\/api.w.org\/{rel}","templated":true}]}}