{"id":30,"date":"2016-02-17T15:57:40","date_gmt":"2016-02-17T14:57:40","guid":{"rendered":"http:\/\/unionpourlavienne.fr\/Union_Vienne_2016\/wordpress\/?page_id=30"},"modified":"2021-07-07T14:30:59","modified_gmt":"2021-07-07T13:30:59","slug":"les-19-cantons","status":"publish","type":"page","link":"https:\/\/unionpourlavienne.fr\/Union_Vienne_2016\/wordpress\/le-departement\/les-19-cantons\/","title":{"rendered":"Les 19 cantons"},"content":{"rendered":"<p>Depuis les \u00e9lections des 20-27 juin 2021, le Conseil d\u00e9partemental est compos\u00e9 de la fa\u00e7on suivante :<\/p>\n<table border=\"0\" width=\"100%\" cellspacing=\"0\" cellpadding=\"10\" align=\"center\">\n<tbody>\n<tr bgcolor=\"#1E73BE\">\n<th scope=\"col\" width=\"25%\">\n<h4><span style=\"color: #ffffff;\">Majorit\u00e9 d\u00e9partementale<\/span><\/h4>\n<\/th>\n<th scope=\"col\" width=\"25%\"><span style=\"color: #ffffff;\">La Vienne en transition<\/span><\/th>\n<th scope=\"col\" width=\"25%\">\n<h4><span style=\"color: #ffffff;\">PS et apparent\u00e9<\/span><\/h4>\n<\/th>\n<th scope=\"col\" width=\"25%\">\n<h4><span style=\"color: #ffffff;\">Ind\u00e9pendant<\/span><\/h4>\n<\/th>\n<\/tr>\n<tr>\n<td width=\"25%\">15 cantons<br \/>\n30\u00a0\u00e9lus<\/td>\n<td width=\"25%\">Poitiers-2 et Poitiers-3<br \/>\n4\u00a0\u00e9lus<\/td>\n<td width=\"25%\">Poitiers-4<br \/>\n2\u00a0\u00e9lus<\/td>\n<td width=\"25%\">Poitiers-1<br \/>\n2 \u00e9lus<\/td>\n<\/tr>\n<\/tbody>\n<\/table>\n<p>&nbsp;<\/p>\n<p>&nbsp;<\/p>\n<p>&nbsp;<\/p>\n<p>&nbsp;<\/p>\n<table border=\"0\" width=\"100%\" cellspacing=\"0\" cellpadding=\"10\" align=\"center\">\n<tbody>\n<tr bgcolor=\"#851F82\">\n<th bgcolor=\"#1e73be\">\n<h4><span style=\"color: #ffffff;\">Canton<\/span><\/h4>\n<\/th>\n<th bgcolor=\"#1e73be\">\n<h4><span style=\"color: #ffffff;\">Les \u00e9lu(e)s<\/span><\/h4>\n<\/th>\n<th bgcolor=\"#1e73be\">\n<h4><span style=\"color: #ffffff;\">Les rempla\u00e7ant(e)s<\/span><\/h4>\n<\/th>\n<\/tr>\n<tr>\n<td><a href=\"https:\/\/unionpourlavienne.fr\/Union_Vienne_2016\/wordpress\/le-departement\/les-19-cantons\/chasseneuil-du-poitou\/\">Chasseneuil-du-Poitou<\/a><\/td>\n<td>Pascale\u00a0Guittet\u00a0&amp; Claude Eidelstein<\/td>\n<td>Corine Sauvage &amp;\u00a0Arthur Blanchard<\/td>\n<\/tr>\n<tr bgcolor=\"#F8DEF7\">\n<td bgcolor=\"#CCE2F7\"><a href=\"https:\/\/unionpourlavienne.fr\/Union_Vienne_2016\/wordpress\/le-departement\/les-19-cantons\/chatellerault-1\/\">Ch\u00e2tellerault 1<\/a><\/td>\n<td bgcolor=\"#CCE2F7\">Anne-Florence\u00a0Bourat\u00a0&amp; Henri Colin<\/td>\n<td bgcolor=\"#CCE2F7\">Sandrine Benito &amp; Lucien Jug\u00e9<\/td>\n<\/tr>\n<tr>\n<td><a href=\"https:\/\/unionpourlavienne.fr\/Union_Vienne_2016\/wordpress\/le-departement\/les-19-cantons\/chatellerault-2\/\">Ch\u00e2tellerault 2<\/a><\/td>\n<td>Val\u00e9rie\u00a0Dauge\u00a0&amp; Alain Pichon<\/td>\n<td>Martine\u00a0Godet &amp; Claude\u00a0Daguis\u00e9<\/td>\n<\/tr>\n<tr bgcolor=\"#CCE2F7\">\n<td><a href=\"https:\/\/unionpourlavienne.fr\/Union_Vienne_2016\/wordpress\/le-departement\/les-19-cantons\/chatellerault-3\/\">Ch\u00e2tellerault 3<\/a><\/td>\n<td>Pascale Moreau &amp;\u00a0G\u00e9rard P\u00e9rochon<\/td>\n<td>Corine Farineau &amp; Hubert Preher<\/td>\n<\/tr>\n<tr>\n<td><a href=\"https:\/\/unionpourlavienne.fr\/Union_Vienne_2016\/wordpress\/le-departement\/les-19-cantons\/chauvigny\/\">Chauvigny<\/a><\/td>\n<td>Isabelle Barreau-Enon\u00a0&amp;\u00a0G\u00e9rard Herbert<\/td>\n<td>Maryl\u00e8ne\u00a0Ponthier\u00a0&amp;\u00a0Philippe Fiot<\/td>\n<\/tr>\n<tr bgcolor=\"#CCE2F7\">\n<td><a href=\"https:\/\/unionpourlavienne.fr\/Union_Vienne_2016\/wordpress\/le-departement\/les-19-cantons\/civray\/\">Civray<\/a><\/td>\n<td>Lydie\u00a0Noirault &amp; Jean-Olivier\u00a0Geoffroy<\/td>\n<td>Caroline\u00a0Martin &amp; R\u00e9my Coopman<\/td>\n<\/tr>\n<tr>\n<td><a href=\"https:\/\/unionpourlavienne.fr\/Union_Vienne_2016\/wordpress\/le-departement\/les-19-cantons\/jaunay-clan\/\">Jaunay-Clan<\/a><\/td>\n<td>\u00a0Val\u00e9rie Chebassier &amp; J\u00e9r\u00f4me Neveux<\/td>\n<td>\u00a0Karine Hermouet &amp; Eric Ghirlanda<\/td>\n<\/tr>\n<tr bgcolor=\"#CCE2F7\">\n<td><a href=\"https:\/\/unionpourlavienne.fr\/Union_Vienne_2016\/wordpress\/le-departement\/les-19-cantons\/loudun\/\">Loudun<\/a><\/td>\n<td>Bruno\u00a0Belin &amp; Marie-Jeanne\u00a0Bellamy<\/td>\n<td>Alexandra\u00a0Baulin-Lumineau &amp; Jo\u00ebl Dazas<\/td>\n<\/tr>\n<tr>\n<td><a href=\"https:\/\/unionpourlavienne.fr\/Union_Vienne_2016\/wordpress\/le-departement\/les-19-cantons\/lusignan\/\">Lusignan<\/a><\/td>\n<td>Sybil P\u00e9criaux &amp; Jean-Louis Ledeux<\/td>\n<td>V\u00e9ra Breuillard &amp; Philippe Beau<\/td>\n<\/tr>\n<tr bgcolor=\"#CCE2F7\">\n<td><a href=\"https:\/\/unionpourlavienne.fr\/Union_Vienne_2016\/wordpress\/le-departement\/les-19-cantons\/lussac-les-chateaux\/\">Lussac-les-Ch\u00e2teaux<\/a><\/td>\n<td>Marie-Ren\u00e9e\u00a0Desroses &amp; Fran\u00e7ois Bock<\/td>\n<td>Annie\u00a0Lagrange &amp; Jean-Pierre Melon<\/td>\n<\/tr>\n<tr>\n<td><a href=\"https:\/\/unionpourlavienne.fr\/Union_Vienne_2016\/wordpress\/le-departement\/les-19-cantons\/migne-auxances\/\">Mign\u00e9-Auxances<\/a><\/td>\n<td>S\u00e9verine\u00a0Saint-P\u00e9 &amp; Benoit Prin\u00e7ay<\/td>\n<td>Anita\u00a0Poupeau &amp;\u00a0Dominique Dabadie<\/td>\n<\/tr>\n<tr bgcolor=\"#CCE2F7\">\n<td><a href=\"https:\/\/unionpourlavienne.fr\/Union_Vienne_2016\/wordpress\/le-departement\/les-19-cantons\/montmorillon\/\">Montmorillon<\/a><\/td>\n<td>Brigitte\u00a0Abaux &amp; Guillaume de Russ\u00e9<\/td>\n<td>Marie-Catherine Burbaud &amp;\u00a0Yves Jeanneau<\/td>\n<\/tr>\n<tr>\n<td><a href=\"https:\/\/unionpourlavienne.fr\/Union_Vienne_2016\/wordpress\/le-departement\/les-19-cantons\/poitiers-1\/\">Poitiers 1<\/a><\/td>\n<td><\/td>\n<td><\/td>\n<\/tr>\n<tr bgcolor=\"#CCE2F7\">\n<td><a href=\"https:\/\/unionpourlavienne.fr\/Union_Vienne_2016\/wordpress\/le-departement\/les-19-cantons\/poitiers-2\/\">Poitiers 2<\/a><\/td>\n<td><\/td>\n<td><\/td>\n<\/tr>\n<tr>\n<td><a href=\"https:\/\/unionpourlavienne.fr\/Union_Vienne_2016\/wordpress\/le-departement\/les-19-cantons\/poitiers-3\/\">Poitiers 3<\/a><\/td>\n<td><\/td>\n<td><\/td>\n<\/tr>\n<tr bgcolor=\"#CCE2F7\">\n<td><a href=\"https:\/\/unionpourlavienne.fr\/Union_Vienne_2016\/wordpress\/le-departement\/les-19-cantons\/poitiers-4\/\">Poitiers 4<\/a><\/td>\n<td><\/td>\n<td><\/td>\n<\/tr>\n<tr>\n<td><a href=\"https:\/\/unionpourlavienne.fr\/Union_Vienne_2016\/wordpress\/le-departement\/les-19-cantons\/poitiers-5\/\">Poitiers 5<\/a><\/td>\n<td>Jo\u00eblle\u00a0Peltier &amp;\u00a0Alain Joyeux<\/td>\n<td>Marie-C\u00e9cile P\u00e9richaud &amp;\u00a0Mohammed Rhalab<\/td>\n<\/tr>\n<tr bgcolor=\"#F8DEF7\">\n<td bgcolor=\"#CCE2F7\"><a href=\"https:\/\/unionpourlavienne.fr\/Union_Vienne_2016\/wordpress\/le-departement\/les-19-cantons\/vivonne\/\">Vivonne<\/a><\/td>\n<td bgcolor=\"#CCE2F7\">Rose-Marie\u00a0Bertaud &amp; Gilbert Beaujaneau<\/td>\n<td bgcolor=\"#CCE2F7\">S\u00e9verine Delestre-Peignault &amp; Michel Godet<\/td>\n<\/tr>\n<tr>\n<td><a href=\"https:\/\/unionpourlavienne.fr\/Union_Vienne_2016\/wordpress\/le-departement\/les-19-cantons\/vouneuil-sous-biard\/\">Vouneuil-sous-Biard<\/a><\/td>\n<td>Sandrine\u00a0Barraud &amp; Beno\u00eet Coquelet<\/td>\n<td>Fabienne Gu\u00e9rin &amp;\u00a0Pascal G\u00e9rardin<\/td>\n<\/tr>\n<\/tbody>\n<\/table>\n","protected":false},"excerpt":{"rendered":"<p>Depuis les \u00e9lections des 20-27 juin 2021, le Conseil d\u00e9partemental est compos\u00e9 de la fa\u00e7on suivante : Majorit\u00e9 d\u00e9partementale La<\/p>\n","protected":false},"author":1,"featured_media":0,"parent":26,"menu_order":0,"comment_status":"closed","ping_status":"closed","template":"","meta":[],"_links":{"self":[{"href":"https:\/\/unionpourlavienne.fr\/Union_Vienne_2016\/wordpress\/wp-json\/wp\/v2\/pages\/30"}],"collection":[{"href":"https:\/\/unionpourlavienne.fr\/Union_Vienne_2016\/wordpress\/wp-json\/wp\/v2\/pages"}],"about":[{"href":"https:\/\/unionpourlavienne.fr\/Union_Vienne_2016\/wordpress\/wp-json\/wp\/v2\/types\/page"}],"author":[{"embeddable":true,"href":"https:\/\/unionpourlavienne.fr\/Union_Vienne_2016\/wordpress\/wp-json\/wp\/v2\/users\/1"}],"replies":[{"embeddable":true,"href":"https:\/\/unionpourlavienne.fr\/Union_Vienne_2016\/wordpress\/wp-json\/wp\/v2\/comments?post=30"}],"version-history":[{"count":11,"href":"https:\/\/unionpourlavienne.fr\/Union_Vienne_2016\/wordpress\/wp-json\/wp\/v2\/pages\/30\/revisions"}],"predecessor-version":[{"id":3843,"href":"https:\/\/unionpourlavienne.fr\/Union_Vienne_2016\/wordpress\/wp-json\/wp\/v2\/pages\/30\/revisions\/3843"}],"up":[{"embeddable":true,"href":"https:\/\/unionpourlavienne.fr\/Union_Vienne_2016\/wordpress\/wp-json\/wp\/v2\/pages\/26"}],"wp:attachment":[{"href":"https:\/\/unionpourlavienne.fr\/Union_Vienne_2016\/wordpress\/wp-json\/wp\/v2\/media?parent=30"}],"curies":[{"name":"wp","href":"https:\/\/api.w.org\/{rel}","templated":true}]}}