{"id":328,"date":"2016-02-22T11:50:52","date_gmt":"2016-02-22T10:50:52","guid":{"rendered":"http:\/\/unionpourlavienne.fr\/Union_Vienne_2016\/wordpress\/?page_id=328"},"modified":"2021-07-07T14:35:01","modified_gmt":"2021-07-07T13:35:01","slug":"chasseneuil-du-poitou","status":"publish","type":"page","link":"https:\/\/unionpourlavienne.fr\/Union_Vienne_2016\/wordpress\/le-departement\/les-19-cantons\/chasseneuil-du-poitou\/","title":{"rendered":"Chasseneuil-du-Poitou"},"content":{"rendered":"<p><img loading=\"lazy\" class=\"size-full wp-image-521 aligncenter\" src=\"https:\/\/unionpourlavienne.fr\/Union_Vienne_2016\/wordpress\/wp-content\/uploads\/2016\/02\/Chasseneuil.jpg\" alt=\"Chasseneuil\" width=\"652\" height=\"432\" srcset=\"https:\/\/unionpourlavienne.fr\/Union_Vienne_2016\/wordpress\/wp-content\/uploads\/2016\/02\/Chasseneuil.jpg 652w, https:\/\/unionpourlavienne.fr\/Union_Vienne_2016\/wordpress\/wp-content\/uploads\/2016\/02\/Chasseneuil-300x199.jpg 300w\" sizes=\"(max-width: 652px) 100vw, 652px\" \/><\/p>\n<h3>Les communes<\/h3>\n<p>Bignoux ~ Bonnes ~ La Chapelle-Mouli\u00e8re ~ Chasseneuil-du-Poitou ~ Jardres ~ Lavoux ~ Liniers ~ Montamis\u00e9 ~ Pouill\u00e9 ~ Saint- Julien-l\u2019Ars ~ Savigny-L\u00e9vescault ~ S\u00e8vres-Anxaumont ~ Terc\u00e9<\/p>\n<p>&nbsp;<\/p>\n<h3>Les \u00e9lus<\/h3>\n<table border=\"0\" width=\"100%\" cellspacing=\"0\" cellpadding=\"10\">\n<tbody>\n<tr>\n<td align=\"center\" width=\"50%\"><img loading=\"lazy\" class=\"aligncenter size-full wp-image-3797\" src=\"https:\/\/unionpourlavienne.fr\/Union_Vienne_2016\/wordpress\/wp-content\/uploads\/2021\/07\/PG.jpg\" alt=\"\" width=\"200\" height=\"200\" srcset=\"https:\/\/unionpourlavienne.fr\/Union_Vienne_2016\/wordpress\/wp-content\/uploads\/2021\/07\/PG.jpg 200w, https:\/\/unionpourlavienne.fr\/Union_Vienne_2016\/wordpress\/wp-content\/uploads\/2021\/07\/PG-150x150.jpg 150w\" sizes=\"(max-width: 200px) 100vw, 200px\" \/><\/td>\n<td align=\"center\" width=\"50%\"><img loading=\"lazy\" class=\"aligncenter size-full wp-image-3812\" src=\"https:\/\/unionpourlavienne.fr\/Union_Vienne_2016\/wordpress\/wp-content\/uploads\/2021\/07\/CE.jpg\" alt=\"\" width=\"200\" height=\"200\" srcset=\"https:\/\/unionpourlavienne.fr\/Union_Vienne_2016\/wordpress\/wp-content\/uploads\/2021\/07\/CE.jpg 200w, https:\/\/unionpourlavienne.fr\/Union_Vienne_2016\/wordpress\/wp-content\/uploads\/2021\/07\/CE-150x150.jpg 150w\" sizes=\"(max-width: 200px) 100vw, 200px\" \/><\/td>\n<\/tr>\n<tr>\n<td align=\"center\" width=\"50%\"><strong><a href=\"https:\/\/unionpourlavienne.fr\/Union_Vienne_2016\/wordpress\/tag\/pascale-guittet\/\">Pascale Guittet<\/a><\/strong><\/td>\n<td align=\"center\" width=\"50%\"><strong><a href=\"https:\/\/unionpourlavienne.fr\/Union_Vienne_2016\/wordpress\/tag\/claude-eidelstein\/\">Claude Eidelstein<\/a><\/strong><\/td>\n<\/tr>\n<tr>\n<td align=\"center\" width=\"50%\">7<sup>\u00e8me<\/sup> VP Jeunesse, Sport, Citoyennet\u00e9<\/td>\n<td align=\"center\" width=\"50%\">4<sup>\u00e8me<\/sup> VP Finances, Rapporteur G\u00e9n\u00e9ral du Budget<\/td>\n<\/tr>\n<\/tbody>\n<\/table>\n<p>&nbsp;<\/p>\n","protected":false},"excerpt":{"rendered":"<p>Les communes Bignoux ~ Bonnes ~ La Chapelle-Mouli\u00e8re ~ Chasseneuil-du-Poitou ~ Jardres ~ Lavoux ~ Liniers ~ Montamis\u00e9 ~ Pouill\u00e9<\/p>\n","protected":false},"author":1,"featured_media":0,"parent":30,"menu_order":0,"comment_status":"closed","ping_status":"closed","template":"","meta":[],"_links":{"self":[{"href":"https:\/\/unionpourlavienne.fr\/Union_Vienne_2016\/wordpress\/wp-json\/wp\/v2\/pages\/328"}],"collection":[{"href":"https:\/\/unionpourlavienne.fr\/Union_Vienne_2016\/wordpress\/wp-json\/wp\/v2\/pages"}],"about":[{"href":"https:\/\/unionpourlavienne.fr\/Union_Vienne_2016\/wordpress\/wp-json\/wp\/v2\/types\/page"}],"author":[{"embeddable":true,"href":"https:\/\/unionpourlavienne.fr\/Union_Vienne_2016\/wordpress\/wp-json\/wp\/v2\/users\/1"}],"replies":[{"embeddable":true,"href":"https:\/\/unionpourlavienne.fr\/Union_Vienne_2016\/wordpress\/wp-json\/wp\/v2\/comments?post=328"}],"version-history":[{"count":21,"href":"https:\/\/unionpourlavienne.fr\/Union_Vienne_2016\/wordpress\/wp-json\/wp\/v2\/pages\/328\/revisions"}],"predecessor-version":[{"id":3844,"href":"https:\/\/unionpourlavienne.fr\/Union_Vienne_2016\/wordpress\/wp-json\/wp\/v2\/pages\/328\/revisions\/3844"}],"up":[{"embeddable":true,"href":"https:\/\/unionpourlavienne.fr\/Union_Vienne_2016\/wordpress\/wp-json\/wp\/v2\/pages\/30"}],"wp:attachment":[{"href":"https:\/\/unionpourlavienne.fr\/Union_Vienne_2016\/wordpress\/wp-json\/wp\/v2\/media?parent=328"}],"curies":[{"name":"wp","href":"https:\/\/api.w.org\/{rel}","templated":true}]}}