{"id":332,"date":"2016-02-22T11:51:27","date_gmt":"2016-02-22T10:51:27","guid":{"rendered":"http:\/\/unionpourlavienne.fr\/Union_Vienne_2016\/wordpress\/?page_id=332"},"modified":"2021-07-07T14:38:25","modified_gmt":"2021-07-07T13:38:25","slug":"chatellerault-2","status":"publish","type":"page","link":"https:\/\/unionpourlavienne.fr\/Union_Vienne_2016\/wordpress\/le-departement\/les-19-cantons\/chatellerault-2\/","title":{"rendered":"Ch\u00e2tellerault 2"},"content":{"rendered":"<p><img loading=\"lazy\" class=\"alignnone size-full wp-image-523 aligncenter\" src=\"https:\/\/unionpourlavienne.fr\/Union_Vienne_2016\/wordpress\/wp-content\/uploads\/2016\/02\/Chatellerault-2.jpg\" alt=\"Chatellerault-2\" width=\"660\" height=\"424\" srcset=\"https:\/\/unionpourlavienne.fr\/Union_Vienne_2016\/wordpress\/wp-content\/uploads\/2016\/02\/Chatellerault-2.jpg 660w, https:\/\/unionpourlavienne.fr\/Union_Vienne_2016\/wordpress\/wp-content\/uploads\/2016\/02\/Chatellerault-2-300x193.jpg 300w\" sizes=\"(max-width: 660px) 100vw, 660px\" \/><\/p>\n<h3>Les communes<\/h3>\n<p>Antran ~ Buxeuil ~ Ch\u00e2tellerault (Ch\u00e2teauneuf) ~ Dang\u00e9-Saint-Romain ~ Ingrandes ~ Leign\u00e9-sur-Usseau ~ Leugny-sur-Creuse ~ Mondion ~ Orches ~ Les Ormes ~ Oyr\u00e9 ~ Port-de-Piles ~ Saint-Christophe ~ Saint-Gervais-les-Trois-Clochers ~ Saint-R\u00e9my-sur-Creuse ~ Savigny-sous-Faye ~ S\u00e9rigny ~ Sossay ~ Usseau ~ Vaux-sur-Vienne ~ Vell\u00e8ches<\/p>\n<p>&nbsp;<\/p>\n<h3>Les \u00e9lus<\/h3>\n<table border=\"0\" width=\"100%\" cellspacing=\"0\" cellpadding=\"10\">\n<tbody>\n<tr>\n<td align=\"center\" width=\"50%\">\u00a0<img loading=\"lazy\" class=\"alignnone size-full wp-image-3804\" src=\"https:\/\/unionpourlavienne.fr\/Union_Vienne_2016\/wordpress\/wp-content\/uploads\/2021\/07\/VD.jpg\" alt=\"\" width=\"200\" height=\"200\" srcset=\"https:\/\/unionpourlavienne.fr\/Union_Vienne_2016\/wordpress\/wp-content\/uploads\/2021\/07\/VD.jpg 200w, https:\/\/unionpourlavienne.fr\/Union_Vienne_2016\/wordpress\/wp-content\/uploads\/2021\/07\/VD-150x150.jpg 150w\" sizes=\"(max-width: 200px) 100vw, 200px\" \/><\/td>\n<td align=\"center\" width=\"50%\">\u00a0<img loading=\"lazy\" class=\"alignnone size-full wp-image-3807\" src=\"https:\/\/unionpourlavienne.fr\/Union_Vienne_2016\/wordpress\/wp-content\/uploads\/2021\/07\/AP.jpg\" alt=\"\" width=\"200\" height=\"200\" srcset=\"https:\/\/unionpourlavienne.fr\/Union_Vienne_2016\/wordpress\/wp-content\/uploads\/2021\/07\/AP.jpg 200w, https:\/\/unionpourlavienne.fr\/Union_Vienne_2016\/wordpress\/wp-content\/uploads\/2021\/07\/AP-150x150.jpg 150w\" sizes=\"(max-width: 200px) 100vw, 200px\" \/><\/td>\n<\/tr>\n<tr>\n<td align=\"center\" width=\"50%\"><a href=\"https:\/\/unionpourlavienne.fr\/Union_Vienne_2016\/wordpress\/tag\/valerie-dauge\/\">Val\u00e9rie DAUGE<\/a><\/td>\n<td align=\"center\" width=\"50%\"><a href=\"https:\/\/unionpourlavienne.fr\/Union_Vienne_2016\/wordpress\/tag\/alain-pichon\/\">Alain\u00a0PICHON<\/a><\/td>\n<\/tr>\n<tr>\n<td align=\"center\" width=\"50%\">1<sup>\u00e8re<\/sup> VP Personnes Ag\u00e9es, Personnes Handicap\u00e9es<\/td>\n<td align=\"center\" width=\"50%\">Pr\u00e9sident du Conseil D\u00e9partemental<\/td>\n<\/tr>\n<\/tbody>\n<\/table>\n","protected":false},"excerpt":{"rendered":"<p>Les communes Antran ~ Buxeuil ~ Ch\u00e2tellerault (Ch\u00e2teauneuf) ~ Dang\u00e9-Saint-Romain ~ Ingrandes ~ Leign\u00e9-sur-Usseau ~ Leugny-sur-Creuse ~ Mondion ~ Orches<\/p>\n","protected":false},"author":1,"featured_media":0,"parent":30,"menu_order":0,"comment_status":"closed","ping_status":"closed","template":"","meta":[],"_links":{"self":[{"href":"https:\/\/unionpourlavienne.fr\/Union_Vienne_2016\/wordpress\/wp-json\/wp\/v2\/pages\/332"}],"collection":[{"href":"https:\/\/unionpourlavienne.fr\/Union_Vienne_2016\/wordpress\/wp-json\/wp\/v2\/pages"}],"about":[{"href":"https:\/\/unionpourlavienne.fr\/Union_Vienne_2016\/wordpress\/wp-json\/wp\/v2\/types\/page"}],"author":[{"embeddable":true,"href":"https:\/\/unionpourlavienne.fr\/Union_Vienne_2016\/wordpress\/wp-json\/wp\/v2\/users\/1"}],"replies":[{"embeddable":true,"href":"https:\/\/unionpourlavienne.fr\/Union_Vienne_2016\/wordpress\/wp-json\/wp\/v2\/comments?post=332"}],"version-history":[{"count":6,"href":"https:\/\/unionpourlavienne.fr\/Union_Vienne_2016\/wordpress\/wp-json\/wp\/v2\/pages\/332\/revisions"}],"predecessor-version":[{"id":3846,"href":"https:\/\/unionpourlavienne.fr\/Union_Vienne_2016\/wordpress\/wp-json\/wp\/v2\/pages\/332\/revisions\/3846"}],"up":[{"embeddable":true,"href":"https:\/\/unionpourlavienne.fr\/Union_Vienne_2016\/wordpress\/wp-json\/wp\/v2\/pages\/30"}],"wp:attachment":[{"href":"https:\/\/unionpourlavienne.fr\/Union_Vienne_2016\/wordpress\/wp-json\/wp\/v2\/media?parent=332"}],"curies":[{"name":"wp","href":"https:\/\/api.w.org\/{rel}","templated":true}]}}